{"id":5785,"date":"2016-07-02T14:59:43","date_gmt":"2016-07-02T18:59:43","guid":{"rendered":"http:\/\/localhost:8080\/edenorte\/?page_id=5785"},"modified":"2019-04-25T07:14:57","modified_gmt":"2019-04-25T11:14:57","slug":"preguntas-frecuentes","status":"publish","type":"page","link":"https:\/\/edenorte.com.do\/transparencia\/preguntas-frecuentes\/","title":{"rendered":"Preguntas frecuentes"},"content":{"rendered":"<h2>Preguntas Frecuentes y sus respuestas.<\/h2>\n<p>Aqu\u00ed proporcionamos las respuestas a una selecci\u00f3n de las preguntas frecuentes m\u00e1s realizadas por nuestros usuarios del servicio el\u00e9ctrico.<\/p>\n<section class=\"l-section wpb_row height_medium\"><div class=\"l-section-h i-cf\"><div class=\"g-cols offset_small\"><div class=\"vc_col-sm-12 wpb_column\"><div class=\"vc_column-inner\"><div class=\"w-tabs layout_default accordion title_left icon_chevron iconpos_right \"><div class=\"w-tabs-list items_20\"><div class=\"w-tabs-list-h\"><div class=\"w-tabs-item active\"><a href=\"#1467490793880-d848d62d-279d\" class=\"w-tabs-item-h\"><span class=\"w-tabs-item-title\">\u00bfEs posible mover mi medidor de lugar o a otra vivienda?<\/span><\/a><\/div>\n<div class=\"w-tabs-item\"><a href=\"#1467490793880-1276943e-3f7a\" class=\"w-tabs-item-h\"><span class=\"w-tabs-item-title\">\u00bfD\u00f3nde puedo realizar el pago de mi factura?<\/span><\/a><\/div>\n<div class=\"w-tabs-item\"><a href=\"#1493012245247-fec22181-13bf\" class=\"w-tabs-item-h\"><span class=\"w-tabs-item-title\">\u00bfPor qu\u00e9 var\u00eda el precio de mi factura?<\/span><\/a><\/div>\n<div class=\"w-tabs-item\"><a href=\"#1493012311352-f3ae002f-2fb7\" class=\"w-tabs-item-h\"><span class=\"w-tabs-item-title\">\u00bfPor qu\u00e9 me facturan antes de pasar el mes?<\/span><\/a><\/div>\n<div class=\"w-tabs-item\"><a href=\"#1493012374593-f4467534-0efc\" class=\"w-tabs-item-h\"><span class=\"w-tabs-item-title\">\u00bfC\u00f3mo puedo leer mi medidor?<\/span><\/a><\/div>\n<div class=\"w-tabs-item\"><a href=\"#1493012445423-4ab1a5f1-b553\" class=\"w-tabs-item-h\"><span class=\"w-tabs-item-title\">Si voy de viaje y quisiera realizar un pago por adelantado. \u00bfQu\u00e9 puedo hacer?<\/span><\/a><\/div>\n<div class=\"w-tabs-item\"><a href=\"#1493012507630-4fcfe956-1c39\" class=\"w-tabs-item-h\"><span class=\"w-tabs-item-title\">Necesito mi factura con n\u00famero de comprobante fiscal. \u00bfQu\u00e9 debo hacer? <\/span><\/a><\/div>\n<div class=\"w-tabs-item\"><a href=\"#1493012628492-9495b7ad-62b3\" class=\"w-tabs-item-h\"><span class=\"w-tabs-item-title\">\u00bfQu\u00e9 se debe hacer para solicitar una estafeta de pago?<\/span><\/a><\/div>\n<div class=\"w-tabs-item\"><a href=\"#1493012732532-ca86c2a5-15d7\" class=\"w-tabs-item-h\"><span class=\"w-tabs-item-title\">\u00bfCu\u00e1les son los requisitos, para tener una estafeta de pago?<\/span><\/a><\/div>\n<div class=\"w-tabs-item\"><a href=\"#1493012782563-bb35e045-b42f\" class=\"w-tabs-item-h\"><span class=\"w-tabs-item-title\">\u00bfCu\u00e1les son los beneficios que me ofrece tener una estafeta de pago?<\/span><\/a><\/div>\n<div class=\"w-tabs-item\"><a href=\"#1493012846244-b0e4d612-d4e5\" class=\"w-tabs-item-h\"><span class=\"w-tabs-item-title\">\u00bfCual es el contacto para estafetas de pago?<\/span><\/a><\/div>\n<div class=\"w-tabs-item\"><a href=\"#1493012929722-0b4915d1-6a9c\" class=\"w-tabs-item-h\"><span class=\"w-tabs-item-title\">\u00bfQu\u00e9 debo hacer para solicitar un nuevo contrato?<\/span><\/a><\/div>\n<div class=\"w-tabs-item\"><a href=\"#1493013748367-84d313a2-bf25\" class=\"w-tabs-item-h\"><span class=\"w-tabs-item-title\">Si abro un local comercial en una casa. \u00bfDebo solicitar otro medidor?<\/span><\/a><\/div>\n<div class=\"w-tabs-item\"><a href=\"#1493013772190-4cb09ce3-70b2\" class=\"w-tabs-item-h\"><span class=\"w-tabs-item-title\">\u00bfSe pueden solicitar dos medidores para un mismo terreno?<\/span><\/a><\/div>\n<div class=\"w-tabs-item\"><a href=\"#1493013802541-4babf503-75e7\" class=\"w-tabs-item-h\"><span class=\"w-tabs-item-title\">\u00bfEs posible solicitar un suministro el\u00e9ctrico por un per\u00edodo determinado?<\/span><\/a><\/div>\n<div class=\"w-tabs-item\"><a href=\"#1493013842046-0cf98c50-729c\" class=\"w-tabs-item-h\"><span class=\"w-tabs-item-title\">\u00bfD\u00f3nde puedo realizar el cambio de titular de contrato?<\/span><\/a><\/div>\n<div class=\"w-tabs-item\"><a href=\"#1493013882557-63be3d56-2554\" class=\"w-tabs-item-h\"><span class=\"w-tabs-item-title\">\u00bfPuedo realizar un cambio de titular de contrato si no soy propietario del inmueble?<\/span><\/a><\/div>\n<div class=\"w-tabs-item\"><a href=\"#1493013957438-fd30bc02-7113\" class=\"w-tabs-item-h\"><span class=\"w-tabs-item-title\">\u00bfQu\u00e9 necesito para dar de baja o cancelar un contrato?<\/span><\/a><\/div>\n<div class=\"w-tabs-item\"><a href=\"#1493014048334-5202211d-41b4\" class=\"w-tabs-item-h\"><span class=\"w-tabs-item-title\">\u00bfEs posible transferir un contrato de una residencia a otra?<\/span><\/a><\/div>\n<div class=\"w-tabs-item\"><a href=\"#1493014143271-25abde26-7c32\" class=\"w-tabs-item-h\"><span class=\"w-tabs-item-title\">Cobro Autom\u00e1tico?<\/span><\/a><\/div>\n<\/div><\/div><div class=\"w-tabs-sections\"><div class=\"w-tabs-sections-h\"><div class=\"w-tabs-section active\" id=\"1467490793880-d848d62d-279d\"><a href=\"#1467490793880-d848d62d-279d\" class=\"w-tabs-section-header\"><div class=\"w-tabs-section-header-h\"><h5 class=\"w-tabs-section-title\">\u00bfEs posible mover mi medidor de lugar o a otra vivienda?<\/h5><div class=\"w-tabs-section-control\"><\/div><\/div><\/a><div class=\"w-tabs-section-content\"><div class=\"w-tabs-section-content-h i-cf\"><div class=\"wpb_text_column \"><div class=\"wpb_wrapper\"><p>No, porque el medidor es propiedad de la empresa, por ende, es la \u00fanica que puede movilizar, cambiar, reparar o retirar de la propiedad. Si el medidor presenta algo anormal, es responsabilidad del cliente reportarlo a la empresa para que esta tome las acciones a lugar.<\/p><\/div> <\/div> <\/div><\/div><\/div><div class=\"w-tabs-section\" id=\"1467490793880-1276943e-3f7a\"><a href=\"#1467490793880-1276943e-3f7a\" class=\"w-tabs-section-header\"><div class=\"w-tabs-section-header-h\"><h5 class=\"w-tabs-section-title\">\u00bfD\u00f3nde puedo realizar el pago de mi factura?<\/h5><div class=\"w-tabs-section-control\"><\/div><\/div><\/a><div class=\"w-tabs-section-content\"><div class=\"w-tabs-section-content-h i-cf\"><div class=\"wpb_text_column \"><div class=\"wpb_wrapper\"><strong>Puedes realizar tu pago en:<\/strong><\/p>\n<ol class=\"pi-list-dashed\">\n<li>Oficina Comercial m\u00e1s cercana.<\/li>\n<li>Agentes de Cobro Autorizado (Estafetas).<\/li>\n<li>Centro de Atenci\u00f3n Telef\u00f3nica (FONONORTE).<\/li>\n<li>P\u00e1gina Web Edenorte www.edenorte.com.do<\/li>\n<li>Oficinas M\u00f3viles<\/li>\n<li>En Edesur y Edeeste<\/li>\n<\/ol>\n<\/div> <\/div> <\/div><\/div><\/div><div class=\"w-tabs-section\" id=\"1493012245247-fec22181-13bf\"><a href=\"#1493012245247-fec22181-13bf\" class=\"w-tabs-section-header\"><div class=\"w-tabs-section-header-h\"><h5 class=\"w-tabs-section-title\">\u00bfPor qu\u00e9 var\u00eda el precio de mi factura?<\/h5><div class=\"w-tabs-section-control\"><\/div><\/div><\/a><div class=\"w-tabs-section-content\"><div class=\"w-tabs-section-content-h i-cf\"><div class=\"wpb_text_column \"><div class=\"wpb_wrapper\"><p>El precio de la factura puede variar por diferentes motivos:<\/p>\n<p>1- En la factura mensual se cobran los kilowatts consumido en el per\u00edodo de facturaci\u00f3n establecido. El precio de los kilos es determinado mediante resoluciones, publicadas mensualmente por la Superintendencia de Electricidad (SIE), por lo cual dependiendo la cantidad de kilos consumidos ser\u00e1n el precio de los mismos.<\/p>\n<p>Los precios var\u00edan de acuerdo a la escala siguiente, seg\u00fan la tarifa:<\/p>\n<p>0 \u2013 200 Kwh<br \/>\n201 \u2013 300 Kwh<br \/>\n301 \u2013 700 Kwh<br \/>\n701 \u2013 1,000 Kwh<br \/>\n1,001 en adelante.<\/p>\n<p>Debe tener presente que mientras m\u00e1s kilos consuma m\u00e1s alto ser\u00e1 el precio de su factura, para evitar esos aumentos use la energ\u00eda de forma razonable.<\/p>\n<div id=\"attachment_7646\" style=\"width: 350px\" class=\"wp-caption alignnone\"><img fetchpriority=\"high\" decoding=\"async\" aria-describedby=\"caption-attachment-7646\" class=\"wp-image-7646 size-full\" title=\"\u00bfC\u00f3mo puedo leer mi medidor? -Preguntas Frecuentes\" src=\"http:\/\/edenortelinux.eastus2.cloudapp.azure.com\/site\/wp-content\/uploads\/2016\/07\/atencion-al-cliente-faq-medidor-electrico.png\" alt=\"\u00bfC\u00f3mo puedo leer mi medidor? -Preguntas Frecuentes\" width=\"340\" height=\"453\" \/><p id=\"caption-attachment-7646\" class=\"wp-caption-text\">\u00bfC\u00f3mo puedo leer mi medidor?<\/p><\/div>\n<p>2- Cuando el servicio es por conexi\u00f3n directa, es decir, que posee un monto fijo en base a la cantidad de aparatos el\u00e9ctricos que se posea, la facturaci\u00f3n va acorde con la cantidad de d\u00edas que tiene el mes facturado. Tomando como base lo escala de precios vigentes.<\/p><\/div> <\/div> <\/div><\/div><\/div><div class=\"w-tabs-section\" id=\"1493012311352-f3ae002f-2fb7\"><a href=\"#1493012311352-f3ae002f-2fb7\" class=\"w-tabs-section-header\"><div class=\"w-tabs-section-header-h\"><h5 class=\"w-tabs-section-title\">\u00bfPor qu\u00e9 me facturan antes de pasar el mes?<\/h5><div class=\"w-tabs-section-control\"><\/div><\/div><\/a><div class=\"w-tabs-section-content\"><div class=\"w-tabs-section-content-h i-cf\"><div class=\"wpb_text_column \"><div class=\"wpb_wrapper\"><p>Porqu\u00e9 las facturas est\u00e1n comprendidas por per\u00edodos de tiempo que abarcan fechas pre-establecidas. Cada sector tiene rutas de lecturas y ciclos de facturaci\u00f3n diferentes. El consumo facturado en un mes corresponde al mes anterior. Por ejemplo: si mi factura tiene un per\u00edodo del 8 de Febrero al 8 de Marzo, el consumo facturado corresponde al mes de Febrero.<\/p><\/div> <\/div> <\/div><\/div><\/div><div class=\"w-tabs-section\" id=\"1493012374593-f4467534-0efc\"><a href=\"#1493012374593-f4467534-0efc\" class=\"w-tabs-section-header\"><div class=\"w-tabs-section-header-h\"><h5 class=\"w-tabs-section-title\">\u00bfC\u00f3mo puedo leer mi medidor?<\/h5><div class=\"w-tabs-section-control\"><\/div><\/div><\/a><div class=\"w-tabs-section-content\"><div class=\"w-tabs-section-content-h i-cf\"><div class=\"wpb_text_column \"><div class=\"wpb_wrapper\">\n<p>Leer la cantidad de Kilowatts consumidos que se indica en la pantalla.<\/div> <\/div> <\/div><\/div><\/div><div class=\"w-tabs-section\" id=\"1493012445423-4ab1a5f1-b553\"><a href=\"#1493012445423-4ab1a5f1-b553\" class=\"w-tabs-section-header\"><div class=\"w-tabs-section-header-h\"><h5 class=\"w-tabs-section-title\">Si voy de viaje y quisiera realizar un pago por adelantado. \u00bfQu\u00e9 puedo hacer?<\/h5><div class=\"w-tabs-section-control\"><\/div><\/div><\/a><div class=\"w-tabs-section-content\"><div class=\"w-tabs-section-content-h i-cf\"><div class=\"wpb_text_column \"><div class=\"wpb_wrapper\"><p>Puede pasar por cualquiera de nuestras oficinas y realizar un pago anticipado que se le acreditar\u00e1 a su cuenta mensualmente de acuerdo a lo facturado, hasta que el monto pagado est\u00e9 cubierto en su totalidad.<\/p>\n<p>Se les recomienda cuando salgan de viaje, que por seguridad, desconecte todos los electrodom\u00e9sticos.<\/p><\/div> <\/div> <\/div><\/div><\/div><div class=\"w-tabs-section\" id=\"1493012507630-4fcfe956-1c39\"><a href=\"#1493012507630-4fcfe956-1c39\" class=\"w-tabs-section-header\"><div class=\"w-tabs-section-header-h\"><h5 class=\"w-tabs-section-title\">Necesito mi factura con n\u00famero de comprobante fiscal. \u00bfQu\u00e9 debo hacer? <\/h5><div class=\"w-tabs-section-control\"><\/div><\/div><\/a><div class=\"w-tabs-section-content\"><div class=\"w-tabs-section-content-h i-cf\"><div class=\"wpb_text_column \"><div class=\"wpb_wrapper\"><p>Debe dirigirse a la oficina comercial de Edenorte m\u00e1s cercana o de su preferencia y presentar en la misma las documentaciones que lo representan como instituci\u00f3n o empresa (De ser as\u00ed), esto documentos son:<\/p>\n<ul>\n<li>Carta timbrada y sellada, solicitando la actualizaci\u00f3n del N\u00famero de Registro Fiscal.<\/li>\n<li>Copia de la tarjeta tributaria o constancia de su RNC activo.<\/li>\n<li>C\u00e9dula o pasaporte del representante legal de la compa\u00f1\u00eda.<\/li>\n<li>Copia de la Asamblea Constitutiva o \u00faltima Asamblea efectuada, donde figure el representante legal de la Compa\u00f1\u00eda.<\/li>\n<li>Sello F\u00edsico de la Compa\u00f1\u00eda.<\/li>\n<\/ul>\n<\/p><\/div> <\/div> <\/div><\/div><\/div><div class=\"w-tabs-section\" id=\"1493012628492-9495b7ad-62b3\"><a href=\"#1493012628492-9495b7ad-62b3\" class=\"w-tabs-section-header\"><div class=\"w-tabs-section-header-h\"><h5 class=\"w-tabs-section-title\">\u00bfQu\u00e9 se debe hacer para solicitar una estafeta de pago?<\/h5><div class=\"w-tabs-section-control\"><\/div><\/div><\/a><div class=\"w-tabs-section-content\"><div class=\"w-tabs-section-content-h i-cf\"><div class=\"wpb_text_column \"><div class=\"wpb_wrapper\"><p>Debe hacer su solicitud formal, ya sea por esta misma v\u00eda, a trav\u00e9s del formulario adjunto, completar el mismo y enviarlo al correo electr\u00f3nico de edelorbe@edenorte.com.do o nos puede enviar una carta de solicitud, dirigida a Edenorte Dominicana, a la direcci\u00f3n: 30 de Marzo #27 (3er nivel), Santiago; la misma debe explicar el por qu\u00e9 la necesidad de la Estafeta de Pago, debe contener el nombre del negocio, tel\u00e9fono, direcci\u00f3n y la persona de contacto.<\/p>\n<p><a href=\"https:\/\/edenorte.com.do\/wp-content\/uploads\/2016\/07\/FORMULARIO-DE-SOLICITUD-DE-ESTAFETA.xls\">FORMULARIO DE SOLICITUD DE ESTAFETA &#8211; PDF 30.5 KB<\/a><\/p>\n<p>Se debe hacer su solicitud formal, puede ser por esta misma v\u00eda o nos pueden enviar una carta de solicitud y esta debe estar dirigida a Edenorte Dominicana.<\/p>\n<p>Esta carta debe explicar por que la necesidad o solicitud de la Estafeta de Pago y que la misma contenga el nombre del negocio, tel\u00e9fono, direcci\u00f3n y la persona de contacto.<\/p><\/div> <\/div> <\/div><\/div><\/div><div class=\"w-tabs-section\" id=\"1493012732532-ca86c2a5-15d7\"><a href=\"#1493012732532-ca86c2a5-15d7\" class=\"w-tabs-section-header\"><div class=\"w-tabs-section-header-h\"><h5 class=\"w-tabs-section-title\">\u00bfCu\u00e1les son los requisitos, para tener una estafeta de pago?<\/h5><div class=\"w-tabs-section-control\"><\/div><\/div><\/a><div class=\"w-tabs-section-content\"><div class=\"w-tabs-section-content-h i-cf\"><div class=\"wpb_text_column \"><div class=\"wpb_wrapper\">\n<ul>\n<li>Tener una empresa o negocio, las cuales sean comercial o de servicios.<\/li>\n<li>La empresa o negocio debe tener operando m\u00e1s de un a\u00f1o.<\/li>\n<li>Estar registrado por la DGII.<\/li>\n<li>Ser Proveedor del estado, ose, debe estar inscrito en la DGCP<\/li>\n<li>Direcci\u00f3n General de Contrataciones P\u00fablicas)<\/li>\n<li>Contar con condiciones t\u00e9cnicas para la instalaci\u00f3n de los equipos para los cobros (L\u00edneas de Tel\u00e9fono VIP. o Internet).<\/li>\n<\/ul>\n<p>Nota: Recuerde edenorte se reserva el derecho de aprobar o desaprobar la estafeta de pago.<\/div> <\/div> <\/div><\/div><\/div><div class=\"w-tabs-section\" id=\"1493012782563-bb35e045-b42f\"><a href=\"#1493012782563-bb35e045-b42f\" class=\"w-tabs-section-header\"><div class=\"w-tabs-section-header-h\"><h5 class=\"w-tabs-section-title\">\u00bfCu\u00e1les son los beneficios que me ofrece tener una estafeta de pago?<\/h5><div class=\"w-tabs-section-control\"><\/div><\/div><\/a><div class=\"w-tabs-section-content\"><div class=\"w-tabs-section-content-h i-cf\"><div class=\"wpb_text_column \"><div class=\"wpb_wrapper\">\n<ul>\n<li>Comisi\u00f3n est\u00e1ndar por cada factura cobrada (mientras mayor cantidad de facturas cobros, mayor ser\u00e1n sus comisiones). (Especificar monto de la comisi\u00f3n)<\/li>\n<li>Agregar un servicio adicional a los clientes de su Empresa o negocio.<\/li>\n<li>Dinamizaci\u00f3n de su negocio, ya que a trav\u00e9s de esta estafeta tendr\u00e1 un mayor flujo de personas visitando su negocio, los cuales pueden ser captados y potencialmente hacerlos sus clientes.<\/li>\n<\/ul>\n<\/div> <\/div> <\/div><\/div><\/div><div class=\"w-tabs-section\" id=\"1493012846244-b0e4d612-d4e5\"><a href=\"#1493012846244-b0e4d612-d4e5\" class=\"w-tabs-section-header\"><div class=\"w-tabs-section-header-h\"><h5 class=\"w-tabs-section-title\">\u00bfCual es el contacto para estafetas de pago?<\/h5><div class=\"w-tabs-section-control\"><\/div><\/div><\/a><div class=\"w-tabs-section-content\"><div class=\"w-tabs-section-content-h i-cf\"><div class=\"wpb_text_column \"><div class=\"wpb_wrapper\"><p>German Rodriguez Ciriaco,<br \/>\nEncargado de Desarrollo de Mercado<br \/>\nGerencia de Mercadeo.<br \/>\nC\/30 de Marzo #27 (3er nivel), Santiago.<br \/>\nedelorbe@edenorte.com.do<br \/>\n(809) 241-9090 Ext.:5094<br \/>\n(809) 747-4268<\/p><\/div> <\/div> <\/div><\/div><\/div><div class=\"w-tabs-section\" id=\"1493012929722-0b4915d1-6a9c\"><a href=\"#1493012929722-0b4915d1-6a9c\" class=\"w-tabs-section-header\"><div class=\"w-tabs-section-header-h\"><h5 class=\"w-tabs-section-title\">\u00bfQu\u00e9 debo hacer para solicitar un nuevo contrato?<\/h5><div class=\"w-tabs-section-control\"><\/div><\/div><\/a><div class=\"w-tabs-section-content\"><div class=\"w-tabs-section-content-h i-cf\"><div class=\"wpb_text_column \"><div class=\"wpb_wrapper\"><p>Puedes realizar la solicitud del contrato en cualquiera de nuestras Oficina Comerciales m\u00e1s cercana, v\u00eda el Centro de Atenci\u00f3n Telef\u00f3nica (FONONORTE) o click aqu\u00ed: <a href=\"https:\/\/edenorte.com.do\/fono-norte\/\" target=\"_blank\" rel=\"noopener noreferrer\">FonoNorte<\/a><\/p>\n<p>Para la realizar el nuevo contrato, debes entregar la siguiente documentaci\u00f3n:<\/p>\n<p><strong>Personas F\u00edsicas o Naturales:<\/strong><\/p>\n<ul>\n<li>Copia de la c\u00e9dula de identidad y electoral o en caso de ser extranjero una copia del pasaporte o residencia legal.<\/li>\n<li>Copia de la titularidad legal o documento de alquiler que le acredite la posesi\u00f3n del inmueble.<\/li>\n<\/ul>\n<p><strong>Personas Jur\u00eddicas o Comerciales:<\/strong><\/p>\n<ul>\n<li>Copia Certificada de los documentos constitutivos de la empresa.<\/li>\n<li>Acta del Consejo de la empresa. (En los casos de empresa de \u00fanico due\u00f1o, no se requiere el acta del consejo, sino el registro mercantil, los estatutos y un acta de asamblea donde se especifique con que capital cuenta la compa\u00f1\u00eda)<\/li>\n<li>Para los casos que la empresa cambie de due\u00f1o o presidente, se requiere un documento que certifique el cambio.<\/li>\n<li>Carta timbrada de solicitud de contrato a nombre de la empresa.<\/li>\n<li>Sello f\u00edsico de la compa\u00f1\u00eda.<\/li>\n<li>C\u00e9dula de identidad y electoral, pasaporte o residencia legal si es extranjero, del presidente de la compa\u00f1\u00eda o representante legal<\/li>\n<li>Carta de solicitud de servicio, en hoja timbrada de la empresa indicando el representante legal de la misma.<\/li>\n<\/ul>\n<\/p><\/div> <\/div> <\/div><\/div><\/div><div class=\"w-tabs-section\" id=\"1493013748367-84d313a2-bf25\"><a href=\"#1493013748367-84d313a2-bf25\" class=\"w-tabs-section-header\"><div class=\"w-tabs-section-header-h\"><h5 class=\"w-tabs-section-title\">Si abro un local comercial en una casa. \u00bfDebo solicitar otro medidor?<\/h5><div class=\"w-tabs-section-control\"><\/div><\/div><\/a><div class=\"w-tabs-section-content\"><div class=\"w-tabs-section-content-h i-cf\"><div class=\"wpb_text_column \"><div class=\"wpb_wrapper\"><p>S\u00ed, porque de lo contrario se aplicar\u00e1 la tarifa comercial a toda la vivienda. Por esta raz\u00f3n se sugiere a los clientes separar las instalaciones el\u00e9ctricas del comercio, de las instalaciones de la vivienda y solicitar un medidor para el suministro comercial. Con esta acci\u00f3n, tendr\u00e1 su tarifa comercial y residencial independiente.<\/p><\/div> <\/div> <\/div><\/div><\/div><div class=\"w-tabs-section\" id=\"1493013772190-4cb09ce3-70b2\"><a href=\"#1493013772190-4cb09ce3-70b2\" class=\"w-tabs-section-header\"><div class=\"w-tabs-section-header-h\"><h5 class=\"w-tabs-section-title\">\u00bfSe pueden solicitar dos medidores para un mismo terreno?<\/h5><div class=\"w-tabs-section-control\"><\/div><\/div><\/a><div class=\"w-tabs-section-content\"><div class=\"w-tabs-section-content-h i-cf\"><div class=\"wpb_text_column \"><div class=\"wpb_wrapper\"><p>S\u00ed, siempre y cuando las residencias sean independientes, ya que una misma vivienda NO puede tener dos medidores, pero en el terreno es diferente porque generalmente hay m\u00e1s de una vivienda, es decir, son puntos de entrega diferente.<\/p>\n<p>Deber\u00e1 solicitar verificaci\u00f3n por parte de Edenorte para confirmar la informaci\u00f3n y situaci\u00f3n en el terreno.<\/p><\/div> <\/div> <\/div><\/div><\/div><div class=\"w-tabs-section\" id=\"1493013802541-4babf503-75e7\"><a href=\"#1493013802541-4babf503-75e7\" class=\"w-tabs-section-header\"><div class=\"w-tabs-section-header-h\"><h5 class=\"w-tabs-section-title\">\u00bfEs posible solicitar un suministro el\u00e9ctrico por un per\u00edodo determinado?<\/h5><div class=\"w-tabs-section-control\"><\/div><\/div><\/a><div class=\"w-tabs-section-content\"><div class=\"w-tabs-section-content-h i-cf\"><div class=\"wpb_text_column \"><div class=\"wpb_wrapper\"><p>S\u00ed, la empresa otorga contrato eventual o provisional para los casos de uso del servicio temporal, por ejemplo los circos, exposiciones, publicidad, ferias, etc. Deben tener un tiempo bien definido de inicio y finalizaci\u00f3n del evento para requerirlo, adem\u00e1s deber\u00e1 presentarse a la Oficina Comercial m\u00e1s cercana la autorizaci\u00f3n municipal para la realizaci\u00f3n del evento y un detalle de carga de los equipos el\u00e9ctricos que posee.<\/p><\/div> <\/div> <\/div><\/div><\/div><div class=\"w-tabs-section\" id=\"1493013842046-0cf98c50-729c\"><a href=\"#1493013842046-0cf98c50-729c\" class=\"w-tabs-section-header\"><div class=\"w-tabs-section-header-h\"><h5 class=\"w-tabs-section-title\">\u00bfD\u00f3nde puedo realizar el cambio de titular de contrato?<\/h5><div class=\"w-tabs-section-control\"><\/div><\/div><\/a><div class=\"w-tabs-section-content\"><div class=\"w-tabs-section-content-h i-cf\"><div class=\"wpb_text_column \"><div class=\"wpb_wrapper\"><p>Se puede realizar en la Oficina Comercial m\u00e1s cercano a su localidad.<\/p><\/div> <\/div> <\/div><\/div><\/div><div class=\"w-tabs-section\" id=\"1493013882557-63be3d56-2554\"><a href=\"#1493013882557-63be3d56-2554\" class=\"w-tabs-section-header\"><div class=\"w-tabs-section-header-h\"><h5 class=\"w-tabs-section-title\">\u00bfPuedo realizar un cambio de titular de contrato si no soy propietario del inmueble?<\/h5><div class=\"w-tabs-section-control\"><\/div><\/div><\/a><div class=\"w-tabs-section-content\"><div class=\"w-tabs-section-content-h i-cf\"><div class=\"wpb_text_column \"><div class=\"wpb_wrapper\"><p>S\u00ed, para solicitar el cambio de titular del contrato debe presentarse en la Oficina Comercial la persona titular actual y la persona a nombre de quien se solicita el cambio de titular, con las siguientes documentaciones:<\/p>\n<p><strong>El titular actual:<\/strong><\/p>\n<ul>\n<li>Carta de autorizaci\u00f3n de Cambio del Titular y Traspaso de Fianza.<\/li>\n<li>Documento de identidad de ambos.<\/li>\n<\/ul>\n<p><strong>Si el titular actual est\u00e1 ausente su representante legal debe presentar lo siguiente:<\/strong><\/p>\n<ul>\n<li>Poder notarial autorizando el cambio del titular y traspaso de fianza.<\/li>\n<li>Copia de documento de identidad del titular del contrato.<\/li>\n<li>Documento de identidad del nuevo Cliente.<\/li>\n<\/ul>\n<\/p><\/div> <\/div> <\/div><\/div><\/div><div class=\"w-tabs-section\" id=\"1493013957438-fd30bc02-7113\"><a href=\"#1493013957438-fd30bc02-7113\" class=\"w-tabs-section-header\"><div class=\"w-tabs-section-header-h\"><h5 class=\"w-tabs-section-title\">\u00bfQu\u00e9 necesito para dar de baja o cancelar un contrato?<\/h5><div class=\"w-tabs-section-control\"><\/div><\/div><\/a><div class=\"w-tabs-section-content\"><div class=\"w-tabs-section-content-h i-cf\"><div class=\"wpb_text_column \"><div class=\"wpb_wrapper\"><p>Puedes realizar la solicitud de baja o cancelaci\u00f3n de contrato en la oficina comercial m\u00e1s cercana y presentar las siguientes documentaciones:<\/p>\n<p><strong>Personas F\u00edsica:<\/strong><\/p>\n<ul>\n<li>Documento de identidad (c\u00e9dula o pasaporte) del titular del contrato.<\/li>\n<li>En caso que el cliente est\u00e9 ausente, el representante legal debe entregar un Poder Notarial con la firma y documento de identidad de ambos, que indique los derechos cedidos para el tr\u00e1mite de la baja de contrato y la devoluci\u00f3n de fianza.<\/li>\n<li>En los casos de fallecimiento del titular del contrato, un familiar directo (c\u00f3nyuge, padres, hijos, nietos) debe aportar el acta de defunci\u00f3n, documento que certifique el v\u00ednculo entre ambos (acta de matrimonio, de nacimiento), documento de identidad del solicitante<\/li>\n<\/ul>\n<p><strong>Personas Jur\u00eddicas:<\/strong><\/p>\n<ul>\n<li>Estatutos.<\/li>\n<li>Acta \u00faltima asamblea donde se nombraron los representantes legales de la empresa.<\/li>\n<li>Documento de identidad del presidente de la compa\u00f1\u00eda o representante legal.<\/li>\n<li>Carta timbrada y sellada solicitando la baja y devoluci\u00f3n o compensaci\u00f3n de la fianza (firmada por la persona autorizada por la empresa seg\u00fan lo establecido en el acta de asamblea), la cual debe contener el RNC del comercio.<\/li>\n<li>Sello F\u00edsico.<\/li>\n<\/ul>\n<\/p><\/div> <\/div> <\/div><\/div><\/div><div class=\"w-tabs-section\" id=\"1493014048334-5202211d-41b4\"><a href=\"#1493014048334-5202211d-41b4\" class=\"w-tabs-section-header\"><div class=\"w-tabs-section-header-h\"><h5 class=\"w-tabs-section-title\">\u00bfEs posible transferir un contrato de una residencia a otra?<\/h5><div class=\"w-tabs-section-control\"><\/div><\/div><\/a><div class=\"w-tabs-section-content\"><div class=\"w-tabs-section-content-h i-cf\"><div class=\"wpb_text_column \"><div class=\"wpb_wrapper\"><p>No, los contratos son intransferibles. En caso de mudanzas el procedimiento a seguir es la cancelaci\u00f3n del contrato actual (baja Voluntaria) y la solicitud de un contrato en la nueva ubicaci\u00f3n.<\/p><\/div> <\/div> <\/div><\/div><\/div><div class=\"w-tabs-section\" id=\"1493014143271-25abde26-7c32\"><a href=\"#1493014143271-25abde26-7c32\" class=\"w-tabs-section-header\"><div class=\"w-tabs-section-header-h\"><h5 class=\"w-tabs-section-title\">Cobro Autom\u00e1tico?<\/h5><div class=\"w-tabs-section-control\"><\/div><\/div><\/a><div class=\"w-tabs-section-content\"><div class=\"w-tabs-section-content-h i-cf\"><div class=\"wpb_text_column \"><div class=\"wpb_wrapper\">\n<strong>\u00bfQu\u00e9 es el Cobro Autom\u00e1tico?<\/strong><br \/>\nEs una modalidad de cobro, que le permite al cliente efectuar el pago de su factura de energ\u00eda el\u00e9ctrica, mediante la autorizaci\u00f3n del d\u00e9bito autom\u00e1tico de su tarjeta de cr\u00e9dito, tarjeta de d\u00e9bito con chip y cuenta de ahorro o corriente.<\/p>\n<p><strong>\u00bfCu\u00e1les bancos aplican?<\/strong><br \/>\nTodos los bancos aplican para esta modalidad de cobro.<\/p>\n<p><strong>\u00bfTodos los Clientes aplican para \u00e9sta modalidad de cobro?<\/strong><br \/>\nNo, esta modalidad de cobro no aplica para los Clientes de Gobiernos y Ayuntamientos, y Cliente Bonoluz (BNB).<\/p>\n<p><strong>\u00bfCu\u00e1l es el monto m\u00e1ximo para descontar de mi tarjeta de cr\u00e9dito?<\/strong><br \/>\nMonto m\u00e1ximo hasta RD$ 100,000.00.<\/p>\n<p><strong>\u00bfQu\u00e9 sucede si mi pago sale declinado?<\/strong><br \/>\nRecibir\u00e1 un correo electr\u00f3nico donde se le indicar\u00e1 que el pago no fue procesado por insuficiencia de fondo o tarjeta expirada, invit\u00e1ndolo a comunicarse con su entidad bancaria; y que debe pasar por una de nuestras oficinas comerciales, a efectuar su pago.<\/p>\n<p><strong>\u00bfTodos los bancos estar\u00e1n afiliado a esta modalidad de cobro?<\/strong><br \/>\nS\u00ed, Para el pago con tarjeta de cr\u00e9dito.  Para cuenta de ahorros y corriente se le indicar\u00e1 a medida que los bancos se vayan afiliando a esta modalidad de cobro.<\/p>\n<p><strong>\u00bfExistir\u00e1 un rango (RD$) m\u00e1ximo para la autorizaci\u00f3n del descuento autom\u00e1tico?<\/strong><br \/>\nS\u00ed, el Cliente tendr\u00e1 la oportunidad de elegir el monto a descontar, tomando en cuenta su consumo promedio mensual.<\/p>\n<p><strong>\u00bfQu\u00e9 sucede cuando mi factura excede al monto m\u00e1ximo autorizado?<\/strong><br \/>\nEl Sistema autom\u00e1ticamente excluir\u00e1 el  procesamiento del pago, y se le remitir\u00e1 un correo indic\u00e1ndole lo acontecido; donde usted tendr\u00e1 la opci\u00f3n de disponer,  si proceder\u00e1 con una reclamaci\u00f3n por el exceso de consumo, o la autorizaci\u00f3n para el procesamiento del pago.<\/p>\n<p><strong>\u00bfPuedo  cancelar mi solicitud del descuento autom\u00e1tico en cualquier momento?<\/strong><br \/>\nS\u00ed.  Para ello deber\u00e1 dirigirse a una de nuestras oficinas comerciales para formalizar la cancelaci\u00f3n del servicio.<\/p>\n<p><strong>\u00bfQu\u00e9 cantidad de contratos puedo agregar para el descuento autom\u00e1tico?<\/strong><br \/>\nLa cantidad que consideres.<\/p>\n<p><strong>\u00bfPuedo  utilizar diferentes tarjetas para efectuar un pago?<\/strong><br \/>\nNo.  Por cada tarjeta o cuenta deber\u00e1 ser registrado nueva vez en la plataforma.<\/p>\n<p><strong>\u00bfRecibir\u00e9 una notificaci\u00f3n por el pago efectuado?<\/strong><br \/>\nS\u00ed, inmediatamente el pago sea procesado usted recibir\u00e1 un correo electr\u00f3nico.<\/p>\n<p><a href=\"https:\/\/edenorte.com.do\/cobro-automatico\/\" target=\"_blank\" rel=\"noopener noreferrer\"><span style=\"color: #008080;\"><strong><strong><strong><strong><span style=\"font-size: 18px;\"><span style=\"background-color: #f0ffff;\">Ver m\u00e1s detalles (Hacer Clic Aqu\u00ed)<\/span><\/span><\/strong><\/strong><\/strong><\/strong><\/span><\/a><\/p>\n<\/div> <\/div> <\/div><\/div><\/div><\/div><\/div><\/div><\/div><\/div><\/div><\/div><\/section>\n<div style=\"clear:both;\"><\/div>","protected":false},"excerpt":{"rendered":"<p>Preguntas Frecuentes y sus respuestas. Aqu\u00ed proporcionamos las respuestas a una selecci\u00f3n de las preguntas frecuentes m\u00e1s realizadas por nuestros usuarios del servicio el\u00e9ctrico.<\/p>\n","protected":false},"author":15,"featured_media":0,"parent":0,"menu_order":0,"comment_status":"closed","ping_status":"closed","template":"","meta":{"footnotes":""},"class_list":["post-5785","page","type-page","status-publish","hentry"],"_links":{"self":[{"href":"https:\/\/edenorte.com.do\/transparencia\/wp-json\/wp\/v2\/pages\/5785","targetHints":{"allow":["GET"]}}],"collection":[{"href":"https:\/\/edenorte.com.do\/transparencia\/wp-json\/wp\/v2\/pages"}],"about":[{"href":"https:\/\/edenorte.com.do\/transparencia\/wp-json\/wp\/v2\/types\/page"}],"author":[{"embeddable":true,"href":"https:\/\/edenorte.com.do\/transparencia\/wp-json\/wp\/v2\/users\/15"}],"replies":[{"embeddable":true,"href":"https:\/\/edenorte.com.do\/transparencia\/wp-json\/wp\/v2\/comments?post=5785"}],"version-history":[{"count":3,"href":"https:\/\/edenorte.com.do\/transparencia\/wp-json\/wp\/v2\/pages\/5785\/revisions"}],"predecessor-version":[{"id":508535,"href":"https:\/\/edenorte.com.do\/transparencia\/wp-json\/wp\/v2\/pages\/5785\/revisions\/508535"}],"wp:attachment":[{"href":"https:\/\/edenorte.com.do\/transparencia\/wp-json\/wp\/v2\/media?parent=5785"}],"curies":[{"name":"wp","href":"https:\/\/api.w.org\/{rel}","templated":true}]}}